{"id":61,"date":"2023-02-05T00:23:49","date_gmt":"2023-02-05T05:23:49","guid":{"rendered":"http:\/\/www.grintec.org\/index.php\/inicio-2\/new-page\/"},"modified":"2025-05-14T18:33:03","modified_gmt":"2025-05-14T23:33:03","slug":"metereologia","status":"publish","type":"page","link":"https:\/\/www.grintec.org\/?page_id=61","title":{"rendered":"Meteorolog\u00eda"},"content":{"rendered":"<div class=\"art-content-layout\">\n<div class=\"art-content-layout-row\">\n<div class=\"art-layout-cell layout-item-0\" style=\"width: 100%;\">\n<p><span style=\"font-size: 14pt;\"><strong>Instrumentos Anal\u00f3gicos<br \/>\n<\/strong><\/span><\/p>\n<h4>Term\u00f3metro de M\u00e1ximas y M\u00ednimas<\/h4>\n<p style=\"text-align: justify;\"><img loading=\"lazy\" decoding=\"async\" class=\" wp-image-270 alignleft\" src=\"https:\/\/www.grintec.org\/wp-content\/uploads\/2023\/02\/estacion-analogica.png\" alt=\"\" width=\"229\" height=\"420\" srcset=\"https:\/\/www.grintec.org\/wp-content\/uploads\/2023\/02\/estacion-analogica.png 296w, https:\/\/www.grintec.org\/wp-content\/uploads\/2023\/02\/estacion-analogica-164x300.png 164w\" sizes=\"(max-width: 229px) 100vw, 229px\" \/>Para medir la temperatura m\u00e1xima y m\u00ednima en un periodo de tiempo (se suelen tomar 24 horas) se utilizan los <em>term\u00f3metros de m\u00e1xima-m\u00ednima .<\/em><\/p>\n<p style=\"text-align: justify;\">En la foto vemos que tiene dos escalas (dos columnas de mercurio), una de m\u00e1xima y otra de m\u00ednima. Las escalas est\u00e1n invertidas, la de m\u00e1ximas aumenta de abajo arriba y la de m\u00ednimas al rev\u00e9s, pero en las dos escalas las temperaturas bajo cero est\u00e1n se\u00f1aladas por n\u00fameros de color rojo.<\/p>\n<p style=\"text-align: justify;\">Cada escala tiene una barrita azul (es un <em>cursor <\/em>deslizante). El cursor se mueve empujado por la columna de mercurio.<br \/>\nEl cursor azul (aguja azul) \u201crecuerda\u201d hasta donde lleg\u00f3 el mercurio y su parte inferior muestra hasta donde llego el mercurio.<\/p>\n<p style=\"text-align: justify;\">F\u00edjate que en el term\u00f3metro de la izquierda, la parte baja del cursor est\u00e1 frente a los 14\u00baC. Hasta ah\u00ed lo llev\u00f3 el mercurio cuando marc\u00f3 la temperatura m\u00ednima del d\u00eda (cuando baja la temperatura el mercurio sube por la columna de la izquierda hacia los valores rojos y baja, en la de la columna de la derecha, tambi\u00e9n hacia valores rojos-bajo cero-).<\/p>\n<p style=\"text-align: justify;\">En la parte de m\u00e1ximas la columna de mercurio llevo el cursor azul hasta los 22\u00ba (la m\u00e1xima alcanzada en el d\u00eda).<\/p>\n<p style=\"text-align: justify;\" align=\"center\">La temperatura del aire que rodeaba el term\u00f3metro en el momento de la foto era de 21\u00ba y puede verse que la se\u00f1alaba los extremos de las dos columna de mercurio (m\u00e1xima y m\u00ednima). Las lecturas son:<\/p>\n<p style=\"text-align: center;\" align=\"center\"><span style=\"color: #ff0000;\"><strong>T m\u00e1x = 22\u00ba ; <\/strong><strong>T m\u00edn = 14\u00ba; <\/strong><strong>T actual = 22\u00ba<\/strong><\/span><\/p>\n<\/div>\n<\/div>\n<\/div>\n<div class=\"art-content-layout\">\n<div class=\"art-content-layout-row\">\n<div class=\"art-layout-cell layout-item-0\" style=\"width: 100%;\">\n<p>\u00a0<img loading=\"lazy\" decoding=\"async\" class=\"size-medium wp-image-49 aligncenter\" src=\"https:\/\/www.grintec.org\/wp-content\/uploads\/2023\/02\/Termometro-Max-Min-full-346x1024-1-101x300.jpg\" alt=\"\" width=\"101\" height=\"300\" srcset=\"https:\/\/www.grintec.org\/wp-content\/uploads\/2023\/02\/Termometro-Max-Min-full-346x1024-1-101x300.jpg 101w, https:\/\/www.grintec.org\/wp-content\/uploads\/2023\/02\/Termometro-Max-Min-full-346x1024-1.jpg 346w\" sizes=\"(max-width: 101px) 100vw, 101px\" \/><\/p>\n<p>&nbsp;<\/p>\n<p><strong><img loading=\"lazy\" decoding=\"async\" class=\"size-full wp-image-51 aligncenter\" src=\"https:\/\/www.grintec.org\/wp-content\/uploads\/2023\/02\/Termometro-Max-Min-576x1024-1-169x300-1.jpg\" alt=\"\" width=\"169\" height=\"300\" \/><\/strong><\/p>\n<h4 style=\"text-align: justify;\">Term\u00f3metro de alcohol<\/h4>\n<p style=\"text-align: justify;\">El <b>term\u00f3metro de alcohol<\/b> es un tubo capilar de vidrio de un di\u00e1metro interior muy peque\u00f1o (casi como el de un cabello), que cuenta con paredes gruesas; en uno de sus extremos se encuentra una dilataci\u00f3n, llamada bulbo, que est\u00e1 llena de alcohol, en nuestro caso se ve de color rojo.<\/p>\n<p style=\"text-align: justify;\">El alcohol es una sustancia que se dilata o contrae y, por lo tanto, sube o baja dentro del tubo capilar con los cambios de temperatura. En el tubo capilar se establece una escala que marca exactamente la temperatura en ese momento.<\/p>\n<p style=\"text-align: justify;\">El term\u00f3metro de alcohol fue el primero que se cre\u00f3, y mide la temperatura de manera efectiva.<\/p>\n<p style=\"text-align: justify;\">Los term\u00f3metros de alcohol sirven para tomar la temperatura del ambiente: se usa en todo tipo de ambiente, pero no en personas.<\/p>\n<p style=\"text-align: justify;\">En nuestro caso el marcador de alcohol marca 25\u00baC o 68\u00baF, es de f\u00e1cil lectura; obviamente no registra las variaciones en un intervalo de tiempo como el de Max y Min.<\/p>\n<p><img loading=\"lazy\" decoding=\"async\" class=\"size-medium wp-image-48 aligncenter\" src=\"https:\/\/www.grintec.org\/wp-content\/uploads\/2023\/02\/Termometro-alcohol-300x1024-1-88x300.jpg\" alt=\"\" width=\"88\" height=\"300\" srcset=\"https:\/\/www.grintec.org\/wp-content\/uploads\/2023\/02\/Termometro-alcohol-300x1024-1-88x300.jpg 88w, https:\/\/www.grintec.org\/wp-content\/uploads\/2023\/02\/Termometro-alcohol-300x1024-1.jpg 300w\" sizes=\"(max-width: 88px) 100vw, 88px\" \/><\/p>\n<p>&nbsp;<\/p>\n<h4>Pluvi\u00f3metro<\/h4>\n<p>C\u00f3mo interpretar el caudal de lluvia<\/p>\n<p><img loading=\"lazy\" decoding=\"async\" class=\"wp-image-98 aligncenter\" src=\"https:\/\/www.grintec.org\/wp-content\/uploads\/2023\/02\/Pluviometro-Taylor-233x300.png\" alt=\"\" width=\"158\" height=\"203\" srcset=\"https:\/\/www.grintec.org\/wp-content\/uploads\/2023\/02\/Pluviometro-Taylor-233x300.png 233w, https:\/\/www.grintec.org\/wp-content\/uploads\/2023\/02\/Pluviometro-Taylor.png 388w\" sizes=\"(max-width: 158px) 100vw, 158px\" \/><\/p>\n<p class=\"rtejustify\" style=\"text-align: justify;\">Las <strong>precipitaciones, <\/strong>ya sean<strong>\u00a0en forma de lluvia, granizo o nieve,<\/strong>\u00a0se pueden medir tanto en mm como en l\/m2, y ambas medidas van a coincidir, es decir:<\/p>\n<p class=\"rtecenter\" style=\"text-align: center;\"><span style=\"color: #0000ff;\"><strong>1 mm = 1 l\/m2<\/strong><\/span><\/p>\n<ul>\n<li class=\"rtejustify\" style=\"text-align: justify;\"><strong>mm<\/strong>\u00a0(mil\u00edmetros). Equivale a la altura que el\u00a0agua de lluvia\u00a0formar\u00eda\u00a0sobre una superficie plana e impermeable.<\/li>\n<li class=\"rtejustify\" style=\"text-align: justify;\"><strong>l\/m2<\/strong> (litros por metro cuadrado). Equivale a los litros de agua de lluvia ca\u00eddos en una superficie cuadrada de una longitud de un metro por cada lado.<\/li>\n<li class=\"rtejustify\" style=\"text-align: justify;\"><strong>\u00bfPor qu\u00e9 son equivalentes?<\/strong>\u00a0Porque un litro en un cubo de un metro de ancho y un metro de largo ocupa en volumen exactamente un mm de altura. S\u00f3lo hay que pensar en que, como es habitual conocer, un cubo de 1 metro \u201cc\u00fabico\u201d (un metro de alto, uno de ancho y uno de alto) tiene una capacidad de 1000 litros. Si un metro de altura son 1000 mil\u00edmetros (mm),\u00a0entonces 1\u00a0mm corresponder\u00e1, por tanto, a un litro.<\/li>\n<\/ul>\n<p><a href=\"https:\/\/www.grintec.org\/wp-content\/uploads\/Equivalencia-mm-de-agua.jpg\"><img loading=\"lazy\" decoding=\"async\" class=\"aligncenter  wp-image-609\" src=\"https:\/\/www.grintec.org\/wp-content\/uploads\/Equivalencia-mm-de-agua.jpg\" alt=\"\" width=\"335\" height=\"407\" srcset=\"https:\/\/www.grintec.org\/wp-content\/uploads\/Equivalencia-mm-de-agua.jpg 506w, https:\/\/www.grintec.org\/wp-content\/uploads\/Equivalencia-mm-de-agua-247x300.jpg 247w\" sizes=\"(max-width: 335px) 100vw, 335px\" \/><\/a><\/p>\n<p class=\"rtejustify\" style=\"text-align: justify;\">Las <strong>precipitaciones en forma de nieve<\/strong>\u00a0tambi\u00e9n se suelen medir en <strong>cm <\/strong>(cent\u00edmetros), que equivale a la altura de la nieve ca\u00edda sobre una superficie plana e impermeable.\u00a0Se considera que, aproximadamente,\u00a0el espesor de la nieve es 10 veces el del agua. Por tanto, 1 cm de nieve equivale a 1 mm de agua, aunque esto puede variar de 0,5 a 2 mm en funci\u00f3n de la densidad de la nieve, entonces.<\/p>\n<p class=\"rtecenter\" style=\"text-align: center;\"><span style=\"color: #0000ff;\"><strong>1 cm nieve \u2248 1 mm lluvia<\/strong><\/span><\/p>\n<p class=\"rtecenter\" style=\"text-align: justify;\">En las zonas altas del p\u00e1ramo andino, concretamente en las faldas del Chimborazo hay que considerar estos datos puesto que ah\u00ed nieva en las \u00e9pocas en que la parte baja del p\u00e1ramo llueve; por lo tanto las v\u00edas transitables se vuelven peligrosas.<\/p>\n<h4 class=\"rtecenter\" style=\"text-align: justify;\">Bar\u00f3metro<\/h4>\n<p><strong>Presi\u00f3n Atmosf\u00e9rica<\/strong><\/p>\n<p class=\"rtecenter\" style=\"text-align: justify;\"><img loading=\"lazy\" decoding=\"async\" class=\" wp-image-260 alignright\" src=\"https:\/\/www.grintec.org\/wp-content\/uploads\/2023\/02\/barometro-toricelli.png\" alt=\"\" width=\"238\" height=\"272\" srcset=\"https:\/\/www.grintec.org\/wp-content\/uploads\/2023\/02\/barometro-toricelli.png 618w, https:\/\/www.grintec.org\/wp-content\/uploads\/2023\/02\/barometro-toricelli-262x300.png 262w\" sizes=\"(max-width: 238px) 100vw, 238px\" \/>La presi\u00f3n atmosf\u00e9rica es un fen\u00f3meno f\u00edsico causado por la presi\u00f3n del aire sobre la superficie de la Tierra es diferente en los distintos lugares del planeta; se debe a la diferente intensidad de calor que recibe la superficie.<\/p>\n<p style=\"text-align: justify;\">Cuando el aire se eleva, deja debajo de s\u00ed una \u00e1rea de <b><i>baja presi\u00f3n<\/i><\/b>, porque al ascender ya no presiona sobre la superficie de la tierra tan fuertemente.<\/p>\n<p style=\"text-align: justify;\">Cuando el aire desciende, empuja con m\u00e1s fuerza sobre la superficie terrestre formando \u00e1reas de <b><i>alta presi\u00f3n.<\/i><\/b><\/p>\n<p style=\"text-align: justify;\">La diferencia de presiones hace que el aire se mueva desde las zonas de presi\u00f3n m\u00e1s alta a las de presi\u00f3n m\u00e1s baja, para tratar de emparejarlas o compensarlas. A nivel atmosf\u00e9rico todo consiste en la b\u00fasqueda del equilibrio y es esto precisamente lo que genera el <b>viento.<\/b><\/p>\n<p>La unidad que se usa para medir la presi\u00f3n es el <strong>milibar<\/strong> o <strong>hectopascal<\/strong>. A nivel del mar la presi\u00f3n normal es de 1013,2 Hpa. \u00f3 760 mm de Mercurio (esto gracias al experimento de Toricelli).<\/p>\n<p>&nbsp;<\/p>\n<h4>Veleta<\/h4>\n<p><strong>Direcci\u00f3n del viento<\/strong><\/p>\n<p style=\"text-align: justify;\"><img loading=\"lazy\" decoding=\"async\" class=\" wp-image-261 alignleft\" src=\"https:\/\/www.grintec.org\/wp-content\/uploads\/2023\/02\/veleta.png\" alt=\"\" width=\"170\" height=\"210\" srcset=\"https:\/\/www.grintec.org\/wp-content\/uploads\/2023\/02\/veleta.png 336w, https:\/\/www.grintec.org\/wp-content\/uploads\/2023\/02\/veleta-243x300.png 243w\" sizes=\"(max-width: 170px) 100vw, 170px\" \/>Se define como la componente horizontal del movimiento del aire (no se tiene en cuenta el movimiento vertical). Queda determinado por su direcci\u00f3n, que se expresa en grados sexagesimales (entendi\u00e9ndose que la medida significa la direcci\u00f3n desde donde viene el viento), y por su velocidad, que se expresa en millas n\u00e1uticas por hora, o en nudos, en nuestro caso metros por segundo o kil\u00f3metros por hora.<\/p>\n<p>La <b>direcci\u00f3n<\/b> se suele referir al punto m\u00e1s pr\u00f3ximo de la <b><i>rosa de los vientos<\/i><\/b> que consta de ocho rumbos principales, entre los cuales se efect\u00faan subdivisiones intermedias. Se mide con la veleta.<\/p>\n<p>El instrumento que mide la direcci\u00f3n del viento se denomina Veleta<\/p>\n<h4>Velocidad del Viento<\/h4>\n<p style=\"text-align: justify;\"><img loading=\"lazy\" decoding=\"async\" class=\"wp-image-262 alignright\" src=\"https:\/\/www.grintec.org\/wp-content\/uploads\/2023\/02\/anemometro.png\" alt=\"\" width=\"173\" height=\"230\" srcset=\"https:\/\/www.grintec.org\/wp-content\/uploads\/2023\/02\/anemometro.png 596w, https:\/\/www.grintec.org\/wp-content\/uploads\/2023\/02\/anemometro-226x300.png 226w\" sizes=\"(max-width: 173px) 100vw, 173px\" \/>La velocidad se mide con los <strong>anem\u00f3metros<\/strong>. Los hay de diferentes tipos: de <em>coperolas<\/em>, que giran m\u00e1s o menos r\u00e1pido seg\u00fan la velocidad del aire; otros aprovechan el efecto de succi\u00f3n o compresi\u00f3n que origina porque la presi\u00f3n que ejerce el aire en movimiento es mayor que la del mismo en reposo, de tal manera que se mide esa diferencia de presi\u00f3n que depende de la velocidad del viento (el instrumento se denomina tubo pitot)<\/p>\n<table style=\"width: 96.4722%;\" width=\"547\">\n<tbody>\n<tr>\n<td style=\"width: 31.8258%;\" width=\"187\"><\/td>\n<td style=\"width: 25.3329%; background-color: #94cbf2; text-align: center;\" colspan=\"2\" width=\"128\"><span style=\"font-size: 10pt; font-family: arial, helvetica, sans-serif;\"><strong>Velocidad<\/strong><\/span><\/td>\n<td style=\"width: 89.8613%; background-color: #94cbf2; text-align: center;\" width=\"232\"><span style=\"font-size: 10pt; font-family: arial, helvetica, sans-serif;\"><strong>Especificaci\u00f3n<\/strong><\/span><\/td>\n<\/tr>\n<tr>\n<td style=\"width: 31.8258%; text-align: center;\" width=\"187\"><strong><span style=\"font-size: 10pt; font-family: arial, helvetica, sans-serif;\">Definici\u00f3n<\/span><\/strong><\/td>\n<td style=\"width: 14.1324%; text-align: center;\" width=\"70\"><strong><span style=\"font-size: 10pt; font-family: arial, helvetica, sans-serif;\">m\/seg.<\/span><\/strong><\/td>\n<td style=\"width: 11.2005%; text-align: center;\" width=\"58\"><strong><span style=\"font-size: 10pt; font-family: arial, helvetica, sans-serif;\">km\/h<\/span><\/strong><\/td>\n<td style=\"width: 89.8613%; text-align: center;\" width=\"232\"><strong><span style=\"font-size: 10pt; font-family: arial, helvetica, sans-serif;\">En la mar<\/span><\/strong><\/td>\n<\/tr>\n<tr>\n<td style=\"width: 31.8258%;\" width=\"187\"><span style=\"font-size: 10pt; font-family: arial, helvetica, sans-serif;\">CALMA<\/span><\/td>\n<td style=\"width: 14.1324%;\" width=\"70\"><span style=\"font-size: 10pt; font-family: arial, helvetica, sans-serif;\">0 &#8211; 0,2<\/span><\/td>\n<td style=\"width: 11.2005%;\" width=\"58\"><span style=\"font-size: 10pt; font-family: arial, helvetica, sans-serif;\">&lt; 1<\/span><\/td>\n<td style=\"width: 89.8613%;\" width=\"232\"><span style=\"font-size: 10pt; font-family: arial, helvetica, sans-serif;\">La mar est\u00e1 como un espejo<\/span><\/td>\n<\/tr>\n<tr>\n<td style=\"width: 31.8258%;\" width=\"187\"><span style=\"font-size: 10pt; font-family: arial, helvetica, sans-serif;\">VENTOLINA<\/span><\/td>\n<td style=\"width: 14.1324%;\" width=\"70\"><span style=\"font-size: 10pt; font-family: arial, helvetica, sans-serif;\">0,3 &#8211; 1,5<\/span><\/td>\n<td style=\"width: 11.2005%;\" width=\"58\"><span style=\"font-size: 10pt; font-family: arial, helvetica, sans-serif;\">1 &#8211; 5<\/span><\/td>\n<td style=\"width: 89.8613%;\" width=\"232\"><span style=\"font-size: 10pt; font-family: arial, helvetica, sans-serif;\">Rizos sin espuma<\/span><\/td>\n<\/tr>\n<tr>\n<td style=\"width: 31.8258%;\" width=\"187\"><span style=\"font-size: 10pt; font-family: arial, helvetica, sans-serif;\">FLOJITO (Suave)<\/span><\/td>\n<td style=\"width: 14.1324%;\" width=\"70\"><span style=\"font-size: 10pt; font-family: arial, helvetica, sans-serif;\">1,6 &#8211; 3,3<\/span><\/td>\n<td style=\"width: 11.2005%;\" width=\"58\"><span style=\"font-size: 10pt; font-family: arial, helvetica, sans-serif;\">6 &#8211; 11<\/span><\/td>\n<td style=\"width: 89.8613%;\" width=\"232\"><span style=\"font-size: 10pt; font-family: arial, helvetica, sans-serif;\">Olas peque\u00f1as que no llegan a romper<\/span><\/td>\n<\/tr>\n<tr>\n<td style=\"width: 31.8258%;\" width=\"187\"><span style=\"font-size: 10pt; font-family: arial, helvetica, sans-serif;\">FLOJO (Leve)<\/span><\/td>\n<td style=\"width: 14.1324%;\" width=\"70\"><span style=\"font-size: 10pt; font-family: arial, helvetica, sans-serif;\">3,4 &#8211; 5,4<\/span><\/td>\n<td style=\"width: 11.2005%;\" width=\"58\"><span style=\"font-size: 10pt; font-family: arial, helvetica, sans-serif;\">12 -19<\/span><\/td>\n<td style=\"width: 89.8613%;\" width=\"232\"><span style=\"font-size: 10pt; font-family: arial, helvetica, sans-serif;\">Olas algo mayores cuyas crestas comienzan a romper. Borreguillos dispersos<\/span><\/td>\n<\/tr>\n<tr>\n<td style=\"width: 31.8258%;\" width=\"187\"><span style=\"font-size: 10pt; font-family: arial, helvetica, sans-serif;\">BONANCIBLE (Moderado)<\/span><\/td>\n<td style=\"width: 14.1324%;\" width=\"70\"><span style=\"font-size: 10pt; font-family: arial, helvetica, sans-serif;\">5,5 &#8211; 7,9<\/span><\/td>\n<td style=\"width: 11.2005%;\" width=\"58\"><span style=\"font-size: 10pt; font-family: arial, helvetica, sans-serif;\">20 &#8211; 28<\/span><\/td>\n<td style=\"width: 89.8613%;\" width=\"232\"><span style=\"font-size: 10pt; font-family: arial, helvetica, sans-serif;\">Las olas se hacen m\u00e1s largas. Borreguillos numerosos.<\/span><\/td>\n<\/tr>\n<tr>\n<td style=\"width: 31.8258%;\" width=\"187\"><span style=\"font-size: 10pt; font-family: arial, helvetica, sans-serif;\">FRESQUITO (Regular)<\/span><\/td>\n<td style=\"width: 14.1324%;\" width=\"70\"><span style=\"font-size: 10pt; font-family: arial, helvetica, sans-serif;\">8,0 &#8211; 10,7<\/span><\/td>\n<td style=\"width: 11.2005%;\" width=\"58\"><span style=\"font-size: 10pt; font-family: arial, helvetica, sans-serif;\">29 &#8211; 38<\/span><\/td>\n<td style=\"width: 89.8613%;\" width=\"232\"><span style=\"font-size: 10pt; font-family: arial, helvetica, sans-serif;\">Olas moderadas alargadas. Gran abundancia de borreguillos, eventualmente algunos rociones<\/span><\/td>\n<\/tr>\n<tr>\n<td style=\"width: 31.8258%;\" width=\"187\"><span style=\"font-size: 10pt; font-family: arial, helvetica, sans-serif;\">FRESCO (Fuerte)<\/span><\/td>\n<td style=\"width: 14.1324%;\" width=\"70\"><span style=\"font-size: 10pt; font-family: arial, helvetica, sans-serif;\">10,8 &#8211; 13,8<\/span><\/td>\n<td style=\"width: 11.2005%;\" width=\"58\"><span style=\"font-size: 10pt; font-family: arial, helvetica, sans-serif;\">39 &#8211; 49<\/span><\/td>\n<td style=\"width: 89.8613%;\" width=\"232\"><span style=\"font-size: 10pt; font-family: arial, helvetica, sans-serif;\">Comienzan a formarse olas grandes. Las crestas de espuma blanca se extienden por todas partes. Aumentan los rociones.<\/span><\/td>\n<\/tr>\n<tr>\n<td style=\"width: 31.8258%;\" width=\"187\"><span style=\"font-size: 10pt; font-family: arial, helvetica, sans-serif;\">FRESCACHON (Muy fuerte)<\/span><\/td>\n<td style=\"width: 14.1324%;\" width=\"70\"><span style=\"font-size: 10pt; font-family: arial, helvetica, sans-serif;\">13,9 &#8211; 17,1<\/span><\/td>\n<td style=\"width: 11.2005%;\" width=\"58\"><span style=\"font-size: 10pt; font-family: arial, helvetica, sans-serif;\">50 &#8211; 61<\/span><\/td>\n<td style=\"width: 89.8613%;\" width=\"232\"><span style=\"font-size: 10pt; font-family: arial, helvetica, sans-serif;\">La mar engruesa. La espuma de las crestas empieza a ser arrastrada por el viento, formando nubecillas.<\/span><\/td>\n<\/tr>\n<tr>\n<td style=\"width: 31.8258%;\" width=\"187\"><span style=\"font-size: 10pt; font-family: arial, helvetica, sans-serif;\">TEMPORAL\u00a0<\/span><\/td>\n<td style=\"width: 14.1324%;\" width=\"70\"><span style=\"font-size: 10pt; font-family: arial, helvetica, sans-serif;\">17,2 &#8211; 20,7<\/span><\/td>\n<td style=\"width: 11.2005%;\" width=\"58\"><span style=\"font-size: 10pt; font-family: arial, helvetica, sans-serif;\">62 &#8211; 74<\/span><\/td>\n<td style=\"width: 89.8613%;\" width=\"232\"><span style=\"font-size: 10pt; font-family: arial, helvetica, sans-serif;\">Olas de altura media y m\u00e1s alargadas. De las crestas se desprenden algunos rociones en forma de torbellinos. La espuma es arrastrada en nubes blancas.<\/span><\/td>\n<\/tr>\n<tr>\n<td style=\"width: 31.8258%;\" width=\"187\"><span style=\"font-size: 10pt; font-family: arial, helvetica, sans-serif;\">TEMPORAL FUERTE<\/span><\/td>\n<td style=\"width: 14.1324%;\" width=\"70\"><span style=\"font-size: 10pt; font-family: arial, helvetica, sans-serif;\">20,8 &#8211; 24,4<\/span><\/td>\n<td style=\"width: 11.2005%;\" width=\"58\"><span style=\"font-size: 10pt; font-family: arial, helvetica, sans-serif;\">75 &#8211; 88<\/span><\/td>\n<td style=\"width: 89.8613%;\" width=\"232\"><span style=\"font-size: 10pt; font-family: arial, helvetica, sans-serif;\">Olas gruesas: la espuma es arrastrada en capas espesas. Las crestas de las olas comienzan a romper. Los rociones dificultan la visibilidad.<\/span><\/td>\n<\/tr>\n<tr>\n<td style=\"width: 31.8258%;\" width=\"187\"><span style=\"font-size: 10pt; font-family: arial, helvetica, sans-serif;\">TEMPORAL DURO<\/span><\/td>\n<td style=\"width: 14.1324%;\" width=\"70\"><span style=\"font-size: 10pt; font-family: arial, helvetica, sans-serif;\">24,5 &#8211; 28,4<\/span><\/td>\n<td style=\"width: 11.2005%;\" width=\"58\"><span style=\"font-size: 10pt; font-family: arial, helvetica, sans-serif;\">89 &#8211; 102<\/span><\/td>\n<td style=\"width: 89.8613%;\" width=\"232\"><span style=\"font-size: 10pt; font-family: arial, helvetica, sans-serif;\">Olas muy gruesas con crestas empenechadas. La espuma se alomera en grandes bancos, siendo arrastrada por el viento en forma de espesas estelas blancas. En su conjunto la superficie del mar parece blanca. La visibilidad se reduce.<\/span><\/td>\n<\/tr>\n<tr>\n<td style=\"width: 31.8258%;\" width=\"187\"><span style=\"font-size: 10pt; font-family: arial, helvetica, sans-serif;\">TEMPORAL MUY DURO<\/span><\/td>\n<td style=\"width: 14.1324%;\" width=\"70\"><span style=\"font-size: 10pt; font-family: arial, helvetica, sans-serif;\">28,5 &#8211; 32,6<\/span><\/td>\n<td style=\"width: 11.2005%;\" width=\"58\"><span style=\"font-size: 10pt; font-family: arial, helvetica, sans-serif;\">103 &#8211; 117<\/span><\/td>\n<td style=\"width: 89.8613%;\" width=\"232\"><span style=\"font-size: 10pt; font-family: arial, helvetica, sans-serif;\">Olas excepcionalmente grandes (los buques de peque\u00f1o y mediano tonelaje pueden perderse de vista). La mar est\u00e1 completamente cubierta de bancos de espuma blanca extendida en la direcci\u00f3n del viento. Se reduce a\u00fan m\u00e1s la visibilidad.<\/span><\/td>\n<\/tr>\n<tr>\n<td style=\"width: 31.8258%;\" width=\"187\"><span style=\"font-size: 10pt; font-family: arial, helvetica, sans-serif;\">TEMPORAL HURACANADO (Hurac\u00e1n)<\/span><\/td>\n<td style=\"width: 14.1324%;\" width=\"70\"><span style=\"font-size: 10pt; font-family: arial, helvetica, sans-serif;\">32,7 &#8211; 36,9<\/span><\/td>\n<td style=\"width: 11.2005%;\" width=\"58\"><span style=\"font-size: 10pt; font-family: arial, helvetica, sans-serif;\">118 &#8211; 133<\/span><\/td>\n<td style=\"width: 89.8613%;\" width=\"232\"><span style=\"font-size: 10pt; font-family: arial, helvetica, sans-serif;\">El aire est\u00e1 lleno de espuma y de rociones. La mar est\u00e1 completamente blanca debido a los bancos de espuma. La visibilidad es muy reducida.<\/span><\/td>\n<\/tr>\n<\/tbody>\n<\/table>\n<p><span style=\"font-size: 14pt;\"><strong>Instrumentos Digitales<\/strong><\/span><\/p>\n<h4>Estaci\u00f3n Digital.<\/h4>\n<p style=\"text-align: justify;\"><img loading=\"lazy\" decoding=\"async\" class=\"wp-image-267 alignright\" src=\"https:\/\/www.grintec.org\/wp-content\/uploads\/2023\/02\/Estacion-Digital.png\" alt=\"\" width=\"336\" height=\"254\" srcset=\"https:\/\/www.grintec.org\/wp-content\/uploads\/2023\/02\/Estacion-Digital.png 437w, https:\/\/www.grintec.org\/wp-content\/uploads\/2023\/02\/Estacion-Digital-300x227.png 300w\" sizes=\"(max-width: 336px) 100vw, 336px\" \/>La estaci\u00f3n digital instalada es un sistema autom\u00e1tico con sensores que permiten obtener lecturas de:<\/p>\n<ul>\n<li>Humedad<\/li>\n<li>Temperatura<\/li>\n<li>Presi\u00f3n Atmosf\u00e9rica<\/li>\n<li>Velocidad del Viento<\/li>\n<\/ul>\n<p style=\"text-align: justify;\">Lo cual nos permite obtener datos m\u00e1s reales y de forma permanente a lo largo del d\u00eda y noche, con informaci\u00f3n que luego el subida al servidor del clima que es mantenido de manera diaria las 24 horas, los 7 d\u00edas de la semana y los 365 d\u00edas del a\u00f1o; siempre y cuando las condiciones tecnol\u00f3gica (Internet) o econ\u00f3micas lo permitan.<\/p>\n<p style=\"text-align: justify;\">El siguiente enlace te trasladar\u00e1 al mapa de las estaciones en el Pa\u00eds y pospuesto a nuestras <a href=\"https:\/\/www.grintec.org\/index.php\/rsr-met\/\">estaciones en Bol\u00edvar<\/a><\/p>\n<\/div>\n<\/div>\n<\/div>\n","protected":false},"excerpt":{"rendered":"<p>Instrumentos Anal\u00f3gicos Term\u00f3metro de M\u00e1ximas y M\u00ednimas Para medir la temperatura m\u00e1xima y m\u00ednima en un periodo de tiempo (se suelen tomar 24 horas) se utilizan los term\u00f3metros de m\u00e1xima-m\u00ednima . En la foto vemos que tiene dos escalas (dos columnas de mercurio), una de m\u00e1xima y otra de m\u00ednima. Las escalas est\u00e1n invertidas, la [&hellip;]<\/p>\n","protected":false},"author":1,"featured_media":0,"parent":0,"menu_order":2,"comment_status":"closed","ping_status":"closed","template":"","meta":{"footnotes":""},"_links":{"self":[{"href":"https:\/\/www.grintec.org\/index.php?rest_route=\/wp\/v2\/pages\/61"}],"collection":[{"href":"https:\/\/www.grintec.org\/index.php?rest_route=\/wp\/v2\/pages"}],"about":[{"href":"https:\/\/www.grintec.org\/index.php?rest_route=\/wp\/v2\/types\/page"}],"author":[{"embeddable":true,"href":"https:\/\/www.grintec.org\/index.php?rest_route=\/wp\/v2\/users\/1"}],"replies":[{"embeddable":true,"href":"https:\/\/www.grintec.org\/index.php?rest_route=%2Fwp%2Fv2%2Fcomments&post=61"}],"version-history":[{"count":30,"href":"https:\/\/www.grintec.org\/index.php?rest_route=\/wp\/v2\/pages\/61\/revisions"}],"predecessor-version":[{"id":610,"href":"https:\/\/www.grintec.org\/index.php?rest_route=\/wp\/v2\/pages\/61\/revisions\/610"}],"wp:attachment":[{"href":"https:\/\/www.grintec.org\/index.php?rest_route=%2Fwp%2Fv2%2Fmedia&parent=61"}],"curies":[{"name":"wp","href":"https:\/\/api.w.org\/{rel}","templated":true}]}}